{"id":57,"date":"2016-08-12T18:34:53","date_gmt":"2016-08-12T21:34:53","guid":{"rendered":"http:\/\/www.eacc.univasf.edu.br\/site\/?page_id=57"},"modified":"2026-02-11T10:20:36","modified_gmt":"2026-02-11T13:20:36","slug":"visitas","status":"publish","type":"page","link":"https:\/\/eacc.univasf.edu.br\/index.php\/visitas\/","title":{"rendered":"Visitas"},"content":{"rendered":"<h2>Visitas ao EACC<\/h2>\n<h3>Escolares<\/h3>\n<h3>\u00a0<img loading=\"lazy\" decoding=\"async\" class=\"alignnone  wp-image-1652\" src=\"https:\/\/eacc.univasf.edu.br\/wp-content\/uploads\/2024\/11\/IMG_20240416_094655-300x225.jpg\" alt=\"\" width=\"324\" height=\"243\" srcset=\"https:\/\/eacc.univasf.edu.br\/wp-content\/uploads\/2024\/11\/IMG_20240416_094655-300x225.jpg 300w, https:\/\/eacc.univasf.edu.br\/wp-content\/uploads\/2024\/11\/IMG_20240416_094655-1024x768.jpg 1024w, https:\/\/eacc.univasf.edu.br\/wp-content\/uploads\/2024\/11\/IMG_20240416_094655-768x576.jpg 768w, https:\/\/eacc.univasf.edu.br\/wp-content\/uploads\/2024\/11\/IMG_20240416_094655-1536x1152.jpg 1536w, https:\/\/eacc.univasf.edu.br\/wp-content\/uploads\/2024\/11\/IMG_20240416_094655-2048x1536.jpg 2048w, https:\/\/eacc.univasf.edu.br\/wp-content\/uploads\/2024\/11\/IMG_20240416_094655-285x214.jpg 285w\" sizes=\"(max-width: 324px) 100vw, 324px\" \/> <img loading=\"lazy\" decoding=\"async\" class=\"alignnone  wp-image-1650\" src=\"https:\/\/eacc.univasf.edu.br\/wp-content\/uploads\/2024\/11\/DSC_1353-300x201.jpeg\" alt=\"\" width=\"362\" height=\"243\" srcset=\"https:\/\/eacc.univasf.edu.br\/wp-content\/uploads\/2024\/11\/DSC_1353-300x201.jpeg 300w, https:\/\/eacc.univasf.edu.br\/wp-content\/uploads\/2024\/11\/DSC_1353-1024x685.jpeg 1024w, https:\/\/eacc.univasf.edu.br\/wp-content\/uploads\/2024\/11\/DSC_1353-768x514.jpeg 768w, https:\/\/eacc.univasf.edu.br\/wp-content\/uploads\/2024\/11\/DSC_1353-1536x1028.jpeg 1536w, https:\/\/eacc.univasf.edu.br\/wp-content\/uploads\/2024\/11\/DSC_1353-2048x1371.jpeg 2048w\" sizes=\"(max-width: 362px) 100vw, 362px\" \/><\/h3>\n<p>A visita\u00e7\u00e3o ao EACC possui cinco roteiros de visita\u00e7\u00e3o guiada para escolas, dos quais um pode ser escolhido pelo professor respons\u00e1vel para cada visita.<\/p>\n<p>O <strong>ROTEIRO 1<\/strong> inclui passar por tr\u00eas exposi\u00e7\u00f5es, \u201cdo Velho Chico ao Oceano\u201d, \u201cFaces da Evolu\u00e7\u00e3o\u201d e \u201cMicro ao Macro\u201d.<\/p>\n<p>O <strong>ROTEIRO 2<\/strong> inclui duas exposi\u00e7\u00f5es, \u201cMicro ao Macro\u201d, \u201cFaces da Evolu\u00e7\u00e3o\u201d e parte da exposi\u00e7\u00e3o \u201cTudo Junto e Misturado\u201d. Al\u00e9m das exposi\u00e7\u00f5es, este roteiro inclui uma oficina pr\u00e1tica escolhida pelo professor. A sele\u00e7\u00e3o de instala\u00e7\u00f5es apresentadas \u00e9 feita pela equipe do EACC de acordo com a faixa et\u00e1ria do grupo.<\/p>\n<p>O <strong>ROTEIRO 3<\/strong> inclui a exposi\u00e7\u00e3o \u201cdo Velho Chico ao Oceano\u201d e parte da exposi\u00e7\u00e3o \u201cTudo Junto e Misturado\u201d. A sele\u00e7\u00e3o de instala\u00e7\u00f5es apresentadas \u00e9 feita pela equipe do EACC de acordo com a faixa et\u00e1ria do grupo.<\/p>\n<p>O <strong>ROTEIRO 4<\/strong> passa por todas as instala\u00e7\u00f5es de \u201cTudo Junto e Misturado\u201d e pelas exposi\u00e7\u00f5es \u201cMicro ao Macro\u201d e \u201cFaces da Evolu\u00e7\u00e3o\u201d, sem oficina pr\u00e1tica.<\/p>\n<p>O <strong>ROTEIRO 5<\/strong> inclui todas as instala\u00e7\u00f5es de \u201cTudo Junto e Misturado\u201d, uma oficina, e uma das exposi\u00e7\u00f5es: \u201cMicro ao Macro\u201d OU \u201cFaces da Evolu\u00e7\u00e3o\u201d.<\/p>\n<p>Todos os roteiros t\u00eam dura\u00e7\u00e3o aproximada de 2h e 30 min e comportam o total de 42 pessoas, sendo 40 estudantes e um professor para cada grupo de 20 alunos.<\/p>\n<p>Abaixo segue uma breve descri\u00e7\u00e3o sobre o que cada exposi\u00e7\u00e3o oferece.<\/p>\n<p><strong>Exposi\u00e7\u00e3o do Velho Chico ao Oceano<\/strong> \u2013 Nesta exposi\u00e7\u00e3o viajamos pelas \u00e1guas do Velho Chico, mostrando sua cultura e diversidade. Ela inclui tr\u00eas mini oficinas realizadas ao logo da exposi\u00e7\u00e3o. Uma sobre orienta\u00e7\u00e3o geogr\u00e1fica, na qual os estudantes aprendem sobre equipamentos como a biruta, rosa dos ventos e rel\u00f3gio de sol; uma sobre as lendas do rio S\u00e3o Francisco, na qual os estudantes ouvir\u00e3o sobre mem\u00f3rias e contos dos povos ribeirinhos e participar\u00e3o de um momento interativo, e por fim uma oficina sobre corpos h\u00eddricos, na qual os estudantes compreender\u00e3o um pouco sobre as formas e fluxos das \u00e1guas, terminando com um jogo de cartas no estilo \u201cpassa-ou-repassa\u201d. Al\u00e9m das oficinas, a exposi\u00e7\u00e3o conta com pain\u00e9is sobre restaura\u00e7\u00e3o, aridez em nossa regi\u00e3o, t\u00e9cnicas sociais para aproveitamento da \u00e1gua e um passeio por um bosque de esp\u00e9cies nativas da Caatinga.<\/p>\n<p><strong>Exposi\u00e7\u00e3o Micro ao Macro<\/strong> \u2013 Nesta exposi\u00e7\u00e3o viajamos pelo universo microsc\u00f3pico, desde as menores part\u00edculas conhecidas, at\u00e9 chegarmos na imensid\u00e3o do Universo. Aqui os estudantes veem desde c\u00e9lulas ao Sistema Solar, passando pelo Big-Bang, buracos negros e poss\u00edveis formas de vida em outros planetas espalhados pelas gal\u00e1xias.<\/p>\n<p><strong>Exposi\u00e7\u00e3o Faces da Evolu\u00e7\u00e3o<\/strong> \u2013 Aqui n\u00f3s fazemos uma viagem ao passado, mostrando como surgem e se diversificam as novas esp\u00e9cies, como eram e a quanto tempo nos diferenciamos de nossos ancestrais, bem como entendemos como os dinossauros tem um parentesco com as aves! Os estudantes podem tocar em f\u00f3sseis reais e descobrir como o <em>Homo sapiens<\/em> se espalhou pelo mundo.<\/p>\n<p><strong>Exposi\u00e7\u00e3o Tudo Junto e Misturado<\/strong> \u2013 Em uma sala ampla, os estudantes podem interagir com instala\u00e7\u00f5es sobre temas como ac\u00fastica, fluido, eletromagnetismo, biologia, mec\u00e2nica e \u00f3ptica. Nesta exposi\u00e7\u00e3o, mostramos de forma pr\u00e1tica alguns conceitos principalmente da f\u00edsica.<\/p>\n<p><strong>Oficinas<\/strong> &#8211; O EACC possui um conjunto de cerca de 30 oficinas pr\u00e1ticas, que funcionam como uma pr\u00e1tica laboratorial, ou jogos interativos para tratar de determinado assunto. Os temas variam desde mat\u00e9rias como f\u00edsica e matem\u00e1tica at\u00e9 artes ou libras.<\/p>\n<p><a href=\"https:\/\/drive.google.com\/file\/d\/186RnE2mtwjQhxyVd0y-R6Xx8vGmxSQ99\/view?usp=sharing\">Clique aqui para acessar um resumo das oficinas oferecidas e p\u00fablico-alvo.<\/a><\/p>\n<p>Pedimos que o(a) professor(a) respons\u00e1vel, que estar\u00e1 acompanhando os alunos no espa\u00e7o, leia o termo de responsabilidade e leve o mesmo assinado no dia da visita.<\/p>\n<p><a href=\"https:\/\/drive.google.com\/file\/d\/1npDf4mhzDod9va_CI49hHu18-b6XLf82\/view?usp=sharing\">Clique aqui para acessar o termo de responsabilidade.<\/a><\/p>\n<p><strong>Dias de visitas: ter\u00e7as \u00e0s sextas-feiras.<\/strong><br \/>\n<strong>N\u00e3o temos transporte dispon\u00edvel no momento.<\/strong><\/p>\n<p>Hor\u00e1rios das visitas programadas \u00a0para escolas: 9h \u00e0s 11:30 OU 14h \u00e0s 16:30, dependendo do dia.<\/p>\n<p><a href=\"https:\/\/calendly.com\/eacc_univasf\/visitacao_ao_eacc\">CLIQUE AQUI PARA AGENDAR<\/a><\/p>\n<p>Qualquer d\u00favida mandar e-mail para <a href=\"mailto:eacc@univasf.edu.br\">eacc@univasf.edu.br<\/a>.<\/p>\n<h3>P\u00fablico espont\u00e2neo<\/h3>\n<p><img loading=\"lazy\" decoding=\"async\" class=\"alignnone wp-image-1871 \" src=\"https:\/\/eacc.univasf.edu.br\/wp-content\/uploads\/2025\/08\/20250711_152001-scaled-e1756226610984-300x259.jpg\" alt=\"\" width=\"329\" height=\"284\" srcset=\"https:\/\/eacc.univasf.edu.br\/wp-content\/uploads\/2025\/08\/20250711_152001-scaled-e1756226610984-300x259.jpg 300w, https:\/\/eacc.univasf.edu.br\/wp-content\/uploads\/2025\/08\/20250711_152001-scaled-e1756226610984-1024x885.jpg 1024w, https:\/\/eacc.univasf.edu.br\/wp-content\/uploads\/2025\/08\/20250711_152001-scaled-e1756226610984-768x664.jpg 768w, https:\/\/eacc.univasf.edu.br\/wp-content\/uploads\/2025\/08\/20250711_152001-scaled-e1756226610984-1536x1327.jpg 1536w, https:\/\/eacc.univasf.edu.br\/wp-content\/uploads\/2025\/08\/20250711_152001-scaled-e1756226610984.jpg 1920w\" sizes=\"(max-width: 329px) 100vw, 329px\" \/><\/p>\n<p>Os atendimentos ao p\u00fablico espont\u00e2neo ocorrem de segunda a sexta-feira, mediante disponibilidade da equipe. O agendamento deve ser feito por e-mail, eacc@univasf.edu.br, no qual o solicitante sugere a data, o hor\u00e1rio pretendido de in\u00edcio, e fornece as informa\u00e7\u00f5es sobre n\u00famero de pessoas e idades, para que a equipe veja a possibilidade de atendimento.<\/p>\n<p><strong>Dias das visitas: segundas a sextas-feiras, pela manh\u00e3 e tarde.<\/strong><\/p>\n<p>As visitas do p\u00fablico geral t\u00eam dura\u00e7\u00e3o variada, pois s\u00e3o visitas n\u00e3o guiadas. Os monitores ficam dispon\u00edveis para sanar d\u00favidas e auxiliar no funcionamento de alguns equipamentos.<\/p>\n<p>O calend\u00e1rio abaixo refere-se \u00e0s ocupa\u00e7\u00f5es de visitas escolares.<\/p>\n<p><iframe loading=\"lazy\" style=\"border: solid 1px #777;\" src=\"https:\/\/calendar.google.com\/calendar\/embed?height=600&amp;wkst=1&amp;ctz=America%2FRecife&amp;showPrint=0&amp;hl=pt_BR&amp;src=dW5pdmFzZmVjY0BnbWFpbC5jb20&amp;src=cHQtYnIuYnJhemlsaWFuI2hvbGlkYXlAZ3JvdXAudi5jYWxlbmRhci5nb29nbGUuY29t&amp;color=%237986cb&amp;color=%230b8043\" width=\"800\" height=\"600\" frameborder=\"0\" scrolling=\"no\"><\/iframe><\/p>\n<h2>EACC vai \u00e0 escola<\/h2>\n<p><img loading=\"lazy\" decoding=\"async\" class=\"alignnone wp-image-1874 \" src=\"https:\/\/eacc.univasf.edu.br\/wp-content\/uploads\/2025\/08\/20250425_092659-scaled-e1756226943141-300x187.jpg\" alt=\"\" width=\"396\" height=\"247\" srcset=\"https:\/\/eacc.univasf.edu.br\/wp-content\/uploads\/2025\/08\/20250425_092659-scaled-e1756226943141-300x187.jpg 300w, https:\/\/eacc.univasf.edu.br\/wp-content\/uploads\/2025\/08\/20250425_092659-scaled-e1756226943141-1024x639.jpg 1024w, https:\/\/eacc.univasf.edu.br\/wp-content\/uploads\/2025\/08\/20250425_092659-scaled-e1756226943141-768x479.jpg 768w, https:\/\/eacc.univasf.edu.br\/wp-content\/uploads\/2025\/08\/20250425_092659-scaled-e1756226943141-1536x958.jpg 1536w, https:\/\/eacc.univasf.edu.br\/wp-content\/uploads\/2025\/08\/20250425_092659-scaled-e1756226943141-2048x1277.jpg 2048w\" sizes=\"(max-width: 396px) 100vw, 396px\" \/><\/p>\n<p>EACC vai \u00e0 sua escola, levando instala\u00e7\u00f5es interativas de ci\u00eancias ou oficinas pr\u00e1ticas.<\/p>\n<p>Nesta a\u00e7\u00e3o, levamos algumas de nossas instala\u00e7\u00f5es itinerantes, que versam principalmente sobre f\u00edsica, atendendo grupos de at\u00e9 60 pessoas por vez, em um per\u00edodo de 2h na sua escola. Tamb\u00e9m podemos como alternativa levar duas oficinas pr\u00e1ticas, sendo poss\u00edvel aplic\u00e1-las em at\u00e9 4 turmas de no m\u00e1ximo 40 alunos.<\/p>\n<p><strong>OBS. Esta a\u00e7\u00e3o \u00e9 apenas para escolas p\u00fablicas da \u00e1rea urbana de Juazeiro e Petrolina.<\/strong><\/p>\n<p><strong>No momento esta a\u00e7\u00e3o ainda n\u00e3o est\u00e1 dispon\u00edvel em 2026.<\/strong><\/p>\n<p>O calend\u00e1rio abaixo mostra as datas referentes ao EACC vai \u00e0 escola.<\/p>\n<p><iframe loading=\"lazy\" style=\"border: solid 1px #777;\" src=\"https:\/\/calendar.google.com\/calendar\/embed?height=600&amp;wkst=1&amp;ctz=America%2FRecife&amp;showPrint=0&amp;hl=pt_BR&amp;src=ZWFjYy51bml2YXNmQGdtYWlsLmNvbQ&amp;src=cHQuYnJhemlsaWFuI2hvbGlkYXlAZ3JvdXAudi5jYWxlbmRhci5nb29nbGUuY29t&amp;color=%23039be5&amp;color=%230b8043\" width=\"800\" height=\"600\" frameborder=\"0\" scrolling=\"no\"><\/iframe><\/p>\n","protected":false},"excerpt":{"rendered":"<p>Visitas ao EACC Escolares \u00a0 A visita\u00e7\u00e3o ao EACC possui cinco roteiros de visita\u00e7\u00e3o guiada para escolas, dos quais um pode ser escolhido pelo professor respons\u00e1vel para cada visita. O ROTEIRO 1 inclui passar por tr\u00eas exposi\u00e7\u00f5es, \u201cdo Velho Chico ao Oceano\u201d, \u201cFaces da Evolu\u00e7\u00e3o\u201d e \u201cMicro ao Macro\u201d. O ROTEIRO 2 inclui duas exposi\u00e7\u00f5es, <a href=\"https:\/\/eacc.univasf.edu.br\/index.php\/visitas\/\" rel=\"nofollow\"><span class=\"sr-only\">Read more about Visitas<\/span>[&hellip;]<\/a><\/p>\n","protected":false},"author":1,"featured_media":0,"parent":0,"menu_order":0,"comment_status":"closed","ping_status":"closed","template":"","meta":{"footnotes":""},"class_list":["post-57","page","type-page","status-publish","hentry"],"_links":{"self":[{"href":"https:\/\/eacc.univasf.edu.br\/index.php\/wp-json\/wp\/v2\/pages\/57"}],"collection":[{"href":"https:\/\/eacc.univasf.edu.br\/index.php\/wp-json\/wp\/v2\/pages"}],"about":[{"href":"https:\/\/eacc.univasf.edu.br\/index.php\/wp-json\/wp\/v2\/types\/page"}],"author":[{"embeddable":true,"href":"https:\/\/eacc.univasf.edu.br\/index.php\/wp-json\/wp\/v2\/users\/1"}],"replies":[{"embeddable":true,"href":"https:\/\/eacc.univasf.edu.br\/index.php\/wp-json\/wp\/v2\/comments?post=57"}],"version-history":[{"count":47,"href":"https:\/\/eacc.univasf.edu.br\/index.php\/wp-json\/wp\/v2\/pages\/57\/revisions"}],"predecessor-version":[{"id":1999,"href":"https:\/\/eacc.univasf.edu.br\/index.php\/wp-json\/wp\/v2\/pages\/57\/revisions\/1999"}],"wp:attachment":[{"href":"https:\/\/eacc.univasf.edu.br\/index.php\/wp-json\/wp\/v2\/media?parent=57"}],"curies":[{"name":"wp","href":"https:\/\/api.w.org\/{rel}","templated":true}]}}