{"id":47,"date":"2016-08-12T18:24:00","date_gmt":"2016-08-12T21:24:00","guid":{"rendered":"http:\/\/www.eacc.univasf.edu.br\/site\/?page_id=47"},"modified":"2025-08-28T14:43:50","modified_gmt":"2025-08-28T17:43:50","slug":"historico","status":"publish","type":"page","link":"https:\/\/eacc.univasf.edu.br\/index.php\/historico\/","title":{"rendered":"Hist\u00f3rico"},"content":{"rendered":"<h4><strong>O IN\u00cdCIO<\/strong><\/h4>\n<p style=\"text-align: justify;\">\u00a0 \u00a0 \u00a0 \u00a0 \u00a0 \u00a0 \u00a0A Universidade Federal do Vale do S\u00e3o Francisco, UNIVASF, iniciou suas aulas em 18 de outubro de 2004, em espa\u00e7os provis\u00f3rios. As atividades de divulga\u00e7\u00e3o cient\u00edfica come\u00e7aram j\u00e1 em 2005, atrav\u00e9s da Semana Nacional de Ci\u00eancia e Tecnologia, SNCT, juntamente com o ano internacional da F\u00edsica. \u00a0A primeira edi\u00e7\u00e3o de SNCT ocorreu em 2004.<\/p>\n<p style=\"text-align: justify;\">\u00a0 \u00a0 \u00a0 \u00a0 \u00a0Em agosto de 2006 tem in\u00edcio as atividades do Espa\u00e7o Ci\u00eancia e Cultura da UNIVASF, ECC. Inicialmente o ECC esteve localizado em um pequeno pr\u00e9dio, em um terreno cedido por 20 anos pelo governo do Estado de Pernambuco, na orla de Petrolina. O ECC teve atua\u00e7\u00e3o extremamente relevante na regi\u00e3o, atrav\u00e9s de atividades locais e itinerantes. Devido \u00e0 necessidade de um espa\u00e7o adequado, foi conseguida, atrav\u00e9s de acordos de coopera\u00e7\u00e3o, junto ao governo pernambucano [<a href=\"#_edn1\" name=\"_ednref1\">[i]<\/a>, <a href=\"#_edn2\" name=\"_ednref2\">[ii]<\/a>], a viabiliza\u00e7\u00e3o da constru\u00e7\u00e3o de um novo pr\u00e9dio, na orla de Petrolina. A ordem de servi\u00e7o da obra foi emitida em 28\/02\/2011. O novo pr\u00e9dio possui uma \u00e1rea constru\u00edda de aproximadamente 2500 m<sup>2<\/sup>, sendo 1300 m<sup>2<\/sup> de \u00e1rea coberta. Com o in\u00edcio das obras, em 2011, o acervo e equipe transferiram-se para uma pequena casa, no centro de Petrolina. Nesta pequena casa o ECC permaneceu at\u00e9 2012. Em raz\u00e3o do espa\u00e7o inadequado, foi tomada a decis\u00e3o de transferir o ECC para um espa\u00e7o provis\u00f3rio, no entanto mais adequado, enquanto o pr\u00e9dio definitivo estava em constru\u00e7\u00e3o. Assim, com uma nova equipe, e incorporado \u00e0 Estrutura da Pr\u00f3-Reitoria de Extens\u00e3o, PROEX, o ECC transferiu seu acervo para o atual Espa\u00e7o Plural, antiga FACJU, em Juazeiro, onde funcionou at\u00e9 o final de 2023.<\/p>\n<p style=\"text-align: justify;\"><span class=\"OYPEnA font-feature-liga-off font-feature-clig-off font-feature-calt-off text-decoration-none text-strikethrough-none\">\u00a0 \u00a0 \u00a0 \u00a0 \u00a0 \u00a0 \u00a0 No ano de 2024, com o apoio de projetos parceiros (NEMA e CEMAFAUNA), de setores internos e da Reitoria da UNIVASF, o EACC iniciou suas atividades em sua sede pr\u00f3pria na orla de Petrolina, recebendo os estudantes no novo espa\u00e7o a partir de abril. Operando ainda de forma parcial, apenas no piso t\u00e9rreo, o EACC j\u00e1 conta com exposi\u00e7\u00f5es cient\u00edficas e sala de oficina para pr\u00e1tica cient\u00edfica. O pr\u00e9dio tamb\u00e9m conta com um bosque de Caatinga, instala\u00e7\u00e3o externa interativa em desenvolvimento.<\/span><\/p>\n<h5><img loading=\"lazy\" decoding=\"async\" class=\"alignnone  wp-image-1707\" src=\"https:\/\/eacc-novo.univasf.edu.br\/wp-content\/uploads\/2024\/11\/IMG_0875_2-298x300.png\" alt=\"\" width=\"263\" height=\"265\" srcset=\"https:\/\/eacc.univasf.edu.br\/wp-content\/uploads\/2024\/11\/IMG_0875_2-298x300.png 298w, https:\/\/eacc.univasf.edu.br\/wp-content\/uploads\/2024\/11\/IMG_0875_2-1018x1024.png 1018w, https:\/\/eacc.univasf.edu.br\/wp-content\/uploads\/2024\/11\/IMG_0875_2-150x150.png 150w, https:\/\/eacc.univasf.edu.br\/wp-content\/uploads\/2024\/11\/IMG_0875_2-768x772.png 768w, https:\/\/eacc.univasf.edu.br\/wp-content\/uploads\/2024\/11\/IMG_0875_2-1527x1536.png 1527w, https:\/\/eacc.univasf.edu.br\/wp-content\/uploads\/2024\/11\/IMG_0875_2-2036x2048.png 2036w, https:\/\/eacc.univasf.edu.br\/wp-content\/uploads\/2024\/11\/IMG_0875_2-174x174.png 174w\" sizes=\"(max-width: 263px) 100vw, 263px\" \/> <img loading=\"lazy\" decoding=\"async\" class=\"alignnone  wp-image-1708\" src=\"https:\/\/eacc-novo.univasf.edu.br\/wp-content\/uploads\/2024\/11\/IMG_0877_2-300x296.png\" alt=\"\" width=\"268\" height=\"265\" srcset=\"https:\/\/eacc.univasf.edu.br\/wp-content\/uploads\/2024\/11\/IMG_0877_2-300x296.png 300w, https:\/\/eacc.univasf.edu.br\/wp-content\/uploads\/2024\/11\/IMG_0877_2-1024x1010.png 1024w, https:\/\/eacc.univasf.edu.br\/wp-content\/uploads\/2024\/11\/IMG_0877_2-768x757.png 768w, https:\/\/eacc.univasf.edu.br\/wp-content\/uploads\/2024\/11\/IMG_0877_2-1536x1514.png 1536w, https:\/\/eacc.univasf.edu.br\/wp-content\/uploads\/2024\/11\/IMG_0877_2-2048x2019.png 2048w\" sizes=\"(max-width: 268px) 100vw, 268px\" \/> <img loading=\"lazy\" decoding=\"async\" class=\"alignnone wp-image-1704 \" src=\"https:\/\/eacc-novo.univasf.edu.br\/wp-content\/uploads\/2024\/11\/IMG_8094-scaled-e1732284181617-300x277.jpg\" alt=\"\" width=\"286\" height=\"265\" srcset=\"https:\/\/eacc.univasf.edu.br\/wp-content\/uploads\/2024\/11\/IMG_8094-scaled-e1732284181617-300x277.jpg 300w, https:\/\/eacc.univasf.edu.br\/wp-content\/uploads\/2024\/11\/IMG_8094-scaled-e1732284181617-1024x946.jpg 1024w, https:\/\/eacc.univasf.edu.br\/wp-content\/uploads\/2024\/11\/IMG_8094-scaled-e1732284181617-768x709.jpg 768w, https:\/\/eacc.univasf.edu.br\/wp-content\/uploads\/2024\/11\/IMG_8094-scaled-e1732284181617-1536x1419.jpg 1536w, https:\/\/eacc.univasf.edu.br\/wp-content\/uploads\/2024\/11\/IMG_8094-scaled-e1732284181617.jpg 1847w\" sizes=\"(max-width: 286px) 100vw, 286px\" \/><\/h5>\n<p><a name=\"chicociencia\"><\/a><\/p>\n<hr \/>\n<h4><strong>O Projeto EACC Orla (Chico Ci\u00eancia, <a href=\"https:\/\/drive.google.com\/file\/d\/0B2QOsFHrgvtaYlNSTFp0dDdXUVk\/view?usp=sharing\" target=\"_blank\" rel=\"noopener noreferrer\">lei 13120<\/a>)<\/strong><\/h4>\n<p><img loading=\"lazy\" decoding=\"async\" class=\"wp-image-70 aligncenter\" src=\"http:\/\/www.eacc.univasf.edu.br\/site\/wp-content\/uploads\/2016\/08\/EACC-Orla-300x139.jpg\" alt=\"EACC Orla\" width=\"386\" height=\"179\" srcset=\"https:\/\/eacc.univasf.edu.br\/wp-content\/uploads\/2016\/08\/EACC-Orla-300x139.jpg 300w, https:\/\/eacc.univasf.edu.br\/wp-content\/uploads\/2016\/08\/EACC-Orla-768x355.jpg 768w, https:\/\/eacc.univasf.edu.br\/wp-content\/uploads\/2016\/08\/EACC-Orla.jpg 960w\" sizes=\"(max-width: 386px) 100vw, 386px\" \/><\/p>\n<p><a href=\"http:\/\/www.eacc.univasf.edu.br\/site\/wp-content\/uploads\/2021\/02\/EACC-site-2.png\" target=\"_blank\" rel=\"noopener\"><img loading=\"lazy\" decoding=\"async\" class=\" wp-image-933 aligncenter\" src=\"http:\/\/www.eacc.univasf.edu.br\/site\/wp-content\/uploads\/2021\/02\/Captura-de-tela-de-2021-02-04-14-25-15-300x157.png\" alt=\"\" width=\"375\" height=\"196\" srcset=\"https:\/\/eacc.univasf.edu.br\/wp-content\/uploads\/2021\/02\/Captura-de-tela-de-2021-02-04-14-25-15-300x157.png 300w, https:\/\/eacc.univasf.edu.br\/wp-content\/uploads\/2021\/02\/Captura-de-tela-de-2021-02-04-14-25-15-768x402.png 768w, https:\/\/eacc.univasf.edu.br\/wp-content\/uploads\/2021\/02\/Captura-de-tela-de-2021-02-04-14-25-15.png 999w\" sizes=\"(max-width: 375px) 100vw, 375px\" \/><\/a><\/p>\n<div style=\"text-align: justify;\">\u00a0 \u00a0 \u00a0 \u00a0 \u00a0O projeto EACC (*) Orla (<strong>Chico Ci\u00eancia<\/strong>) consiste no planejamento, constru\u00e7\u00e3o e funcionamento de um Centro Interativo de Ci\u00eancia, de alto padr\u00e3o, na orla de Petrolina-PE. A origem deste projeto \u00e9 um m\u00e9rito do Professor Jos\u00e9 Weber Freire Macedo, primeiro reitor da UNIVASF, Professor <a href=\"http:\/\/eacc.univasf.edu.br\/eccantigo\/equipeantiga002.jpg\" target=\"_blank\" rel=\"noopener\">Carlos Wagner Costa Ara\u00fajo<\/a>, primeiro diretor do ent\u00e3o ECC, e do ex Governador de Pernambuco, Eduardo Campos.<\/div>\n<div style=\"text-align: justify;\"><\/div>\n<div style=\"text-align: justify;\">\u00a0 \u00a0 \u00a0 \u00a0 \u00a0 \u00a0 Dando continuidade a este projeto, estamos planejando e executando as instala\u00e7\u00f5es do EACC. Tamb\u00e9m, paralelamente, estamos planejando os fluxos de trabalho e atividades relacionados ao funcionamento. Nossas estimativas indicam que, no primeiro ano de funcionamento com capacidade total do pr\u00e9dio, poderemos receber 63 mil visitantes, contando p\u00fablico escolar e visitantes em geral. Isto considerando um atendimento ao p\u00fablico de ter\u00e7a a domingo, sem pausas para o almo\u00e7o.<\/div>\n<div style=\"text-align: justify;\"><\/div>\n<div style=\"text-align: justify;\">\u00a0 \u00a0 \u00a0 \u00a0 \u00a0 \u00a0 No entanto, um Centro Interativo de Ci\u00eancia \u00e9 muito mais do que um pr\u00e9dio, e muitas quest\u00f5es ainda n\u00e3o foram definidas, por exemplo, como custear um equipamento de alto padr\u00e3o localizado em um local de elevado valor imobili\u00e1rio? A UNIVASF tem condi\u00e7\u00f5es de bancar isto sozinha? Estas quest\u00f5es e \u00a0consequentes decis\u00f5es envolvem a participa\u00e7\u00e3o, em minha opini\u00e3o, de agentes externos a UNIVASF: governos estaduais, prefeituras, Minist\u00e9rios (MEC e MCTI). \u00a0Fica registrada a &#8220;provoca\u00e7\u00e3o&#8221;.<\/div>\n<div><\/div>\n<div><\/div>\n<div style=\"text-align: right;\">Juazeiro, Novembro de 2015.<\/div>\n<div style=\"text-align: right;\">Milit\u00e3o Figueredo \/ Cooordenador EACC<\/div>\n<div style=\"text-align: right;\">\n<hr \/>\n<p><a name=\"linhadotempo\"><\/a><\/p>\n<\/div>\n<h4 style=\"text-align: left;\"><\/h4>\n<h4 style=\"text-align: left;\"><strong>LINHA DO TEMPO<\/strong><\/h4>\n<table>\n<tbody>\n<tr>\n<td><strong>Dire\u00e7\u00e3o<\/strong><\/td>\n<td><strong>in\u00edcio<\/strong><\/td>\n<td><strong>t\u00e9rmino<\/strong><\/td>\n<\/tr>\n<tr>\n<td>Patr\u00edcia Avello Nicola<\/td>\n<td>14\/07\/2025<\/td>\n<td><\/td>\n<\/tr>\n<tr>\n<td>Marco Aur\u00e9lio Gallo de Fran\u00e7a<\/td>\n<td>14\/07\/2017<\/td>\n<td>13\/07\/2025<\/td>\n<\/tr>\n<tr>\n<td>Milit\u00e3o Vieira Figueredo<\/td>\n<td>03\/12\/2012<\/td>\n<td>02\/07\/2017<\/td>\n<\/tr>\n<tr>\n<td>Carlos Wagner Costa Ara\u00fajo<\/td>\n<td>2004<\/td>\n<td>01\/03\/2012<\/td>\n<\/tr>\n<\/tbody>\n<\/table>\n<hr \/>\n<p>(*) O nome ECC foi alterado para EACC conforme <a href=\"https:\/\/drive.google.com\/file\/d\/0B2QOsFHrgvtaUDgtRkNDeHBZUlE\/view?usp=sharing&amp;resourcekey=0--Ny-P2Am1Xgdrpi7tnlKvg\" target=\"_blank\" rel=\"noopener noreferrer\">reuni\u00e3o do Conselho Universit\u00e1rio<\/a>, realizada em 31\/01\/2014. No entanto esta decis\u00e3o n\u00e3o tem efeito, uma vez que o nome do im\u00f3vel \u00e9 determinado pela lei estadual <a href=\"https:\/\/legis.alepe.pe.gov.br\/texto.aspx?id=961\" target=\"_blank\" rel=\"noopener noreferrer\">13.120<\/a>\u00a0.<\/p>\n<p><a href=\"#_ednref1\" name=\"_edn1\"><\/a><strong>[<strong>[i]<\/strong>]<\/strong> &#8211; \u201cEduardo Campos assina conv\u00eanio para constru\u00e7\u00e3o do novo Espa\u00e7o de Ci\u00eancia e Cultura da UNIVASF\u201d, site da ANDIFES, dispon\u00edvel em &lt; <a href=\"https:\/\/www.andifes.org.br\/?p=6561\" target=\"_blank\" rel=\"noopener noreferrer\">http:\/\/www.andifes.org.br\/?p=9744<\/a>&gt;,\u00a0 acessado em 13\/09\/2013.<\/p>\n<p><a href=\"#_ednref2\" name=\"_edn2\"><\/a><strong>[<strong>[ii]<\/strong>]<\/strong> &#8211; \u201cConv\u00eanio entre Governo de Pernambuco e Univasf contempla populariza\u00e7\u00e3o da ci\u00eancia\u201d, site da UNIVASF, dispon\u00edvel em &lt; <a href=\"http:\/\/www.univasf.edu.br\/detalhe_noticias.php?cod=351\" target=\"_blank\" rel=\"noopener noreferrer\">http:\/\/www.univasf.edu.br\/detalhe_noticias.php?cod=351<\/a>&gt;. Acessado em 01\/10\/2013.<\/p>\n","protected":false},"excerpt":{"rendered":"<p>O IN\u00cdCIO \u00a0 \u00a0 \u00a0 \u00a0 \u00a0 \u00a0 \u00a0A Universidade Federal do Vale do S\u00e3o Francisco, UNIVASF, iniciou suas aulas em 18 de outubro de 2004, em espa\u00e7os provis\u00f3rios. As atividades de divulga\u00e7\u00e3o cient\u00edfica come\u00e7aram j\u00e1 em 2005, atrav\u00e9s da Semana Nacional de Ci\u00eancia e Tecnologia, SNCT, juntamente com o ano internacional da F\u00edsica. \u00a0A <a href=\"https:\/\/eacc.univasf.edu.br\/index.php\/historico\/\" rel=\"nofollow\"><span class=\"sr-only\">Read more about Hist\u00f3rico<\/span>[&hellip;]<\/a><\/p>\n","protected":false},"author":1,"featured_media":0,"parent":0,"menu_order":0,"comment_status":"closed","ping_status":"closed","template":"","meta":{"footnotes":""},"class_list":["post-47","page","type-page","status-publish","hentry"],"_links":{"self":[{"href":"https:\/\/eacc.univasf.edu.br\/index.php\/wp-json\/wp\/v2\/pages\/47"}],"collection":[{"href":"https:\/\/eacc.univasf.edu.br\/index.php\/wp-json\/wp\/v2\/pages"}],"about":[{"href":"https:\/\/eacc.univasf.edu.br\/index.php\/wp-json\/wp\/v2\/types\/page"}],"author":[{"embeddable":true,"href":"https:\/\/eacc.univasf.edu.br\/index.php\/wp-json\/wp\/v2\/users\/1"}],"replies":[{"embeddable":true,"href":"https:\/\/eacc.univasf.edu.br\/index.php\/wp-json\/wp\/v2\/comments?post=47"}],"version-history":[{"count":41,"href":"https:\/\/eacc.univasf.edu.br\/index.php\/wp-json\/wp\/v2\/pages\/47\/revisions"}],"predecessor-version":[{"id":1885,"href":"https:\/\/eacc.univasf.edu.br\/index.php\/wp-json\/wp\/v2\/pages\/47\/revisions\/1885"}],"wp:attachment":[{"href":"https:\/\/eacc.univasf.edu.br\/index.php\/wp-json\/wp\/v2\/media?parent=47"}],"curies":[{"name":"wp","href":"https:\/\/api.w.org\/{rel}","templated":true}]}}